{"id":319,"date":"2019-12-06T10:43:03","date_gmt":"2019-12-06T09:43:03","guid":{"rendered":"https:\/\/www.pavolbednarik.sk\/?page_id=319"},"modified":"2020-08-21T10:45:03","modified_gmt":"2020-08-21T08:45:03","slug":"referencie-od-klientov","status":"publish","type":"page","link":"https:\/\/www.pavolbednarik.sk\/?page_id=319","title":{"rendered":"NAP\u00cdSALI O MNE"},"content":{"rendered":"\n<div class=\"wp-block-media-text alignwide is-stacked-on-mobile\" style=\"grid-template-columns:15% auto\"><figure class=\"wp-block-media-text__media\"><img loading=\"lazy\" decoding=\"async\" width=\"683\" height=\"1024\" src=\"https:\/\/www.pavolbednarik.sk\/wp-content\/uploads\/2020\/07\/DSC_6171-1-683x1024.jpg\" alt=\"\" class=\"wp-image-1629\" srcset=\"https:\/\/www.pavolbednarik.sk\/wp-content\/uploads\/2020\/07\/DSC_6171-1-683x1024.jpg 683w, https:\/\/www.pavolbednarik.sk\/wp-content\/uploads\/2020\/07\/DSC_6171-1-200x300.jpg 200w, https:\/\/www.pavolbednarik.sk\/wp-content\/uploads\/2020\/07\/DSC_6171-1-768x1151.jpg 768w, https:\/\/www.pavolbednarik.sk\/wp-content\/uploads\/2020\/07\/DSC_6171-1-1025x1536.jpg 1025w, https:\/\/www.pavolbednarik.sk\/wp-content\/uploads\/2020\/07\/DSC_6171-1-1367x2048.jpg 1367w, https:\/\/www.pavolbednarik.sk\/wp-content\/uploads\/2020\/07\/DSC_6171-1-scaled.jpg 1708w\" sizes=\"auto, (max-width: 683px) 100vw, 683px\" \/><\/figure><div class=\"wp-block-media-text__content\">\n<blockquote class=\"wp-block-quote is-layout-flow wp-block-quote-is-layout-flow\"><p>Kontakt na Paliho som z\u00edskala cez dlhoro\u010dn\u00fa kamar\u00e1tku, ktor\u00e1 ma odk\u00e1zala na tento Paliho fb profil. Chv\u00ed\u013eu som v\u00e1hala, \u010di skrz fb h\u013eada\u0165 fotografa na n\u00e1\u0161 svadobn\u00fd de\u0148 je spr\u00e1vna cesta, av\u0161ak obavy boli veru zbyto\u010dn\u00e9. Preto, ak h\u013ead\u00e1te fotografa, ktor\u00fd vie v\u0161estranne foti\u0165 nev\u00e1hajte! Fot\u00ed tak, \u017ee o \u0148om a o tom ani nie je vedie\u0165, no zachyt\u00ed presne to, \u010do si prajete ma\u0165 uchovan\u00e9 v spomienkach. Budete sa pred n\u00edm c\u00edti\u0165 prirodzene, uvo\u013enene a na fotk\u00e1ch to bude pozna\u0165. Na\u0161e svadobn\u00e9 fotky s\u00fa nad o\u010dak\u00e1vania kr\u00e1sne, vydaren\u00e9, podtrhuj\u00face priebeh udalost\u00ed zo svadobn\u00e9ho d\u0148a. Neodpust\u00ed si osobn\u00e9 stretnutie e\u0161te pred foten\u00edm, kde chce spozna\u0165 koho fot\u00ed a ak\u00e9 s\u00fa o\u010dak\u00e1vania od neho. To ja poklad\u00e1m za ve\u013emi podstatn\u00e9. Kedyko\u013evek budeme ma\u0165 znova chu\u0165 zdokumentova\u0165 spomienky, ur\u010dite viem na koho sa obr\u00e1ti\u0165, a koho priate\u013eom \u010di rodine odpor\u00fa\u010da\u0165. Preto\u017ee Pali, svoju pr\u00e1cu rob\u00ed skvele. T\u00fdmto mu chcem znovu po\u010fakova\u0165 za to, \u010do pre n\u00e1s vytvoril &#8211; Palino, ve\u013ek\u00e1 v\u010faka!<\/p><\/blockquote>\n\n\n\n<p><a href=\"https:\/\/www.pavolbednarik.sk\/dia-igor\/\">Dia&amp;Igor<\/a><\/p>\n<\/div><\/div>\n\n\n\n<div class=\"wp-block-media-text alignwide\" style=\"grid-template-columns:15% auto\"><figure class=\"wp-block-media-text__media\"><img loading=\"lazy\" decoding=\"async\" width=\"683\" height=\"1024\" src=\"https:\/\/www.pavolbednarik.sk\/wp-content\/uploads\/2020\/06\/DSC_2674-683x1024.jpg\" alt=\"\" class=\"wp-image-1514\" srcset=\"https:\/\/www.pavolbednarik.sk\/wp-content\/uploads\/2020\/06\/DSC_2674-683x1024.jpg 683w, https:\/\/www.pavolbednarik.sk\/wp-content\/uploads\/2020\/06\/DSC_2674-200x300.jpg 200w, https:\/\/www.pavolbednarik.sk\/wp-content\/uploads\/2020\/06\/DSC_2674-768x1151.jpg 768w, https:\/\/www.pavolbednarik.sk\/wp-content\/uploads\/2020\/06\/DSC_2674-1025x1536.jpg 1025w, https:\/\/www.pavolbednarik.sk\/wp-content\/uploads\/2020\/06\/DSC_2674-1367x2048.jpg 1367w, https:\/\/www.pavolbednarik.sk\/wp-content\/uploads\/2020\/06\/DSC_2674-scaled.jpg 1708w\" sizes=\"auto, (max-width: 683px) 100vw, 683px\" \/><\/figure><div class=\"wp-block-media-text__content\">\n<blockquote class=\"wp-block-quote is-layout-flow wp-block-quote-is-layout-flow\"><p>Pali.. je super \u010dlovek.. pozit\u00edvny, nen\u00e1padn\u00fd, skromn\u00fd a hlavne je v\u0161ak v\u00fdborn\u00fd fotograf.<br>Fotenie s n\u00edm bolo ve\u013emi uvo\u013enen\u00e9, prirodzen\u00e9 a pln\u00e9 em\u00f3ci\u00ed. Spomienky tvoren\u00e9 srdcom a zachyten\u00e9 s citom.<br>\u010clovek ich m\u00f4\u017ee pozera\u0165 dookola a nikdy sa mu nezunuj\u00fa.<br>Tak\u017ee Pa\u013eko, chceme sa Ti e\u0161te raz pekne po\u010fakova\u0165 za n\u00e1dhern\u00e9 fotky a ako Ty hovor\u00ed\u0161 : za &#8222;pr\u00edbeh&#8220;, v ktorom si zachytil N\u00e1\u0161 svadobn\u00fd de\u0148 vr\u00e1tane najmen\u0161\u00edch detailov.<br>Do bud\u00facna Ti \u017eel\u00e1me ve\u013ea zdravia a \u00faspechov.. kopec pekn\u00fdch svadieb a in\u00fdch akci\u00ed a nech Ti to &#8222;fot\u00ed&#8220; e\u0161te dlho.<br>Vrelo ODPOR\u00da\u010cAME<\/p><\/blockquote>\n\n\n\n<p><a href=\"https:\/\/www.facebook.com\/andrea.zaludekova\/posts\/3112888568787627\">A\u010fka&amp;\u013dubo\u0161<\/a><\/p>\n<\/div><\/div>\n\n\n\n<div class=\"wp-block-media-text alignwide\" style=\"grid-template-columns:19% auto\"><figure class=\"wp-block-media-text__media\"><img loading=\"lazy\" decoding=\"async\" width=\"1024\" height=\"684\" src=\"https:\/\/www.pavolbednarik.sk\/wp-content\/uploads\/2019\/12\/DSC_8733-1-1024x684.jpg\" alt=\"\" class=\"wp-image-311\" srcset=\"https:\/\/www.pavolbednarik.sk\/wp-content\/uploads\/2019\/12\/DSC_8733-1-1024x684.jpg 1024w, https:\/\/www.pavolbednarik.sk\/wp-content\/uploads\/2019\/12\/DSC_8733-1-scaled-600x401.jpg 600w, https:\/\/www.pavolbednarik.sk\/wp-content\/uploads\/2019\/12\/DSC_8733-1-300x200.jpg 300w, https:\/\/www.pavolbednarik.sk\/wp-content\/uploads\/2019\/12\/DSC_8733-1-768x513.jpg 768w, https:\/\/www.pavolbednarik.sk\/wp-content\/uploads\/2019\/12\/DSC_8733-1-1536x1025.jpg 1536w, https:\/\/www.pavolbednarik.sk\/wp-content\/uploads\/2019\/12\/DSC_8733-1-2048x1367.jpg 2048w\" sizes=\"auto, (max-width: 1024px) 100vw, 1024px\" \/><\/figure><div class=\"wp-block-media-text__content\">\n<blockquote class=\"wp-block-quote is-layout-flow wp-block-quote-is-layout-flow\"><p>  V lete som sa o\u017eenil&nbsp;\ud83d\ude1b&nbsp;a bol to nesmierne kr\u00e1sny de\u0148 pre m\u0148a.<\/p><p>Ako sa vrav\u00ed tak\u00e1 z\u00e1bava u\u017e nem\u00f4\u017ee by\u0165, nako\u013eko svoje \u00c1NO som svojej \u017eene povedal na cel\u00fd \u017eivot.  Ale \u010do by to bolo bez kr\u00e1snych spomienok, ktor\u00e9 V\u00e1m nik u\u017e z hlavy nevezme, ale ako sa vrav\u00ed raz vidie\u0165 ako dva kr\u00e1t po\u010du\u0165 je lep\u0161ie. Opisova\u0165 ako kr\u00e1sny ten de\u0148 bol je ve\u013emi \u0165a\u017ek\u00e9 a preto sme sa rozhodli \u0161peci\u00e1lne pre n\u00e1\u0161ho priate\u013ea  <a href=\"https:\/\/www.facebook.com\/pavol.bednarik.5?__tn__=%2CdK-R-R&amp;eid=ARD4gj_ST0XgCT_gF0n1NY-9BdzPTIcXxxbyfqlTsbbR_9ko8naTe54UrzaN7wkUP9nVVQuNBZ9Iemo9&amp;fref=mentions\">Pavol Bednarik<\/a>&nbsp;,aby tento n\u00e1\u0161 n\u00e1dhern\u00fd de\u0148 zhmotnil do spomienok neuverite\u013en\u00fdm citom pre obraz a z\u00e1rove\u0148 sa medzi nami pohyboval ako duch, ktor\u00fd v\u0161etko videl a nasn\u00edmal. \u00daplnou samostatnos\u0165ou a d\u00f4vtipom zachytil momenty, ktor\u00e9 sa nav\u017edy vryj\u00fa do na\u0161\u00edch s\u0155dc.   Pali som ti ve\u013emi v\u010fa\u010dn\u00fd za tie kr\u00e1sne fotografie&nbsp;\ud83d\ude42    PS: kamar\u00e1ti, \u013eudkovia, priatelia, rodina i nerodina, 20 hviezdi\u010dkami odpor\u00fa\u010dam tohoto \u0161ikovn\u00e9ho fotograda z 5 a te\u0161\u00edm sa na to, \u017ee raz bude foti\u0165 aj na\u0161e detv\u00e1aaaaky&nbsp;\ud83d\ude42   Kto je zvedav\u00fd na jeho pr\u00e1cu, klik na odkaz, aaaaaaalebo \u0165uk do moj\u00edch albumov a pozrite si n\u00e1\u0161 kr\u00e1sny de\u0148 D&nbsp;\ud83d\ude42  Ja ho m\u00e1m aj v mobile&nbsp;\ud83d\ude1b   AAAAAAAA e\u0161te jedna info\u0161ka, foti zo vzduchu aj zo zeme a mal som pocit, \u017ee som ho videl aj v neopr\u00e9eene v jazierku na tajn\u00e1\u0161a.<\/p><cite> \u010eakujeme ti Pali&nbsp;\ud83d\ude42 <\/cite><\/blockquote>\n<\/div><\/div>\n\n\n\n<p><\/p>\n","protected":false},"excerpt":{"rendered":"<p>Kontakt na Paliho som z\u00edskala cez dlhoro\u010dn\u00fa kamar\u00e1tku, ktor\u00e1 ma odk\u00e1zala na tento Paliho fb profil. Chv\u00ed\u013eu som v\u00e1hala, \u010di skrz fb h\u013eada\u0165 fotografa na n\u00e1\u0161 svadobn\u00fd de\u0148 je spr\u00e1vna cesta, av\u0161ak obavy boli veru zbyto\u010dn\u00e9. Preto, ak h\u013ead\u00e1te fotografa, ktor\u00fd vie v\u0161estranne foti\u0165 nev\u00e1hajte! Fot\u00ed tak, \u017ee o \u0148om a o tom ani nie [&hellip;]<\/p>\n","protected":false},"author":1,"featured_media":0,"parent":0,"menu_order":0,"comment_status":"closed","ping_status":"closed","template":"","meta":{"footnotes":""},"class_list":["post-319","page","type-page","status-publish","hentry"],"_links":{"self":[{"href":"https:\/\/www.pavolbednarik.sk\/index.php?rest_route=\/wp\/v2\/pages\/319","targetHints":{"allow":["GET"]}}],"collection":[{"href":"https:\/\/www.pavolbednarik.sk\/index.php?rest_route=\/wp\/v2\/pages"}],"about":[{"href":"https:\/\/www.pavolbednarik.sk\/index.php?rest_route=\/wp\/v2\/types\/page"}],"author":[{"embeddable":true,"href":"https:\/\/www.pavolbednarik.sk\/index.php?rest_route=\/wp\/v2\/users\/1"}],"replies":[{"embeddable":true,"href":"https:\/\/www.pavolbednarik.sk\/index.php?rest_route=%2Fwp%2Fv2%2Fcomments&post=319"}],"version-history":[{"count":15,"href":"https:\/\/www.pavolbednarik.sk\/index.php?rest_route=\/wp\/v2\/pages\/319\/revisions"}],"predecessor-version":[{"id":1870,"href":"https:\/\/www.pavolbednarik.sk\/index.php?rest_route=\/wp\/v2\/pages\/319\/revisions\/1870"}],"wp:attachment":[{"href":"https:\/\/www.pavolbednarik.sk\/index.php?rest_route=%2Fwp%2Fv2%2Fmedia&parent=319"}],"curies":[{"name":"wp","href":"https:\/\/api.w.org\/{rel}","templated":true}]}}